{"id":60,"date":"2015-02-18T17:30:57","date_gmt":"2015-02-18T17:30:57","guid":{"rendered":"http:\/\/swck.org\/wop\/wordpress\/?page_id=60"},"modified":"2026-01-25T14:47:11","modified_gmt":"2026-01-25T14:47:11","slug":"kennel","status":"publish","type":"page","link":"https:\/\/swck.org\/wop\/wordpress\/?page_id=60","title":{"rendered":"Nyheter SWCK\u00b4s avelskommitt\u00e9er"},"content":{"rendered":"<p><span style=\"font-size: 14pt;\"><strong>Nyheter:<br \/><\/strong><\/span><\/p>\n<p><strong>26-01<\/strong><strong>-25: F\u00f6rel\u00e4sning<br \/><\/strong>Den 28 mars har vi gl\u00e4djen att f\u00e5 v\u00e4lkomna v\u00e5ra norska corgiv\u00e4nner, Leif-Herman Wilberg och Christine Sonberg, till Tv\u00e5 Skyttlar i \u00d6rby. De ska under dagen f\u00f6rel\u00e4sa om v\u00e5ra tv\u00e5 rasers konstruktion, typ och rasstandard.<br \/>Kostnad 350 kr per person inkl lunch och fika.<br \/>Anm\u00e4l dig senast den 15 mars via formul\u00e4ret <a href=\"https:\/\/forms.gle\/vKzXUZ5NsRuC27ah6\" target=\"_blank\" rel=\"noopener\">H\u00c4R<\/a>.<\/p>\n<p><strong>26-01<\/strong><strong>-24: P\u00e5minnelse webbannonsering<br \/><\/strong>\u00d6nskar ni beh\u00e5lla eller skaffa kennelannons p\u00e5 hemsidan? Maila i s\u00e5 fall: till pembroke@swck.org eller cardigan@swck.org<br \/>\u25cf Kennelns namn, Ditt\/era namn, Kontaktuppgifter och Ev hemsida Avgift: 150 kr <br \/>Betala senast: 20 januari via swish 123 133 6239 eller bank-giro 5189-6694. <br \/>De som inte \u00e4r betalda den 31 januari, kommer att plockas bort.<strong><br \/><\/strong><\/p>\n<p><strong>25-12-12: Julh\u00e4lsning<br \/><\/strong>H\u00e4lsning fr\u00e5n v\u00e5ra tv\u00e5 avelskommitt\u00e9er.<br \/><a href=\"https:\/\/swck.org\/wop\/wordpress\/wp-content\/uploads\/2026\/01\/Julbrev-2025-Welsh-Corgi-Pembroke-SWCK.pdf?fbclid=IwY2xjawPjB-pleHRuA2FlbQIxMABicmlkETFWbUU2UFM2b3JVMU1IYVFJc3J0YwZhcHBfaWQQMjIyMDM5MTc4ODIwMDg5MgABHtnaY7erjCAaHagmbAcoGQjas9q_mHKSqeKzkJDCQCmoqHVh4mt2GzXFK-1e_aem_o5D4Vht75AH6g-ceRCYR0A\" target=\"_blank\" rel=\"noopener\">PEMBROKE<\/a><br \/><a href=\"https:\/\/swck.org\/wop\/wordpress\/wp-content\/uploads\/2026\/01\/Julbrev-cardigan.pdf?fbclid=IwY2xjawPjCAZleHRuA2FlbQIxMABicmlkETFWbUU2UFM2b3JVMU1IYVFJc3J0YwZhcHBfaWQQMjIyMDM5MTc4ODIwMDg5MgABHjoMadaB4nJpQJRj3lXbUmHJ8XkIZZIUlWS1IvmjHvt3DiHL4tM_gfVNU8RA_aem_RGXlqvb6MsGUIM9XbWJxPQ\" target=\"_blank\" rel=\"noopener\">CARDIGAN<\/a><\/p>\n<p><strong>25-10-23: Digital f\u00f6rel\u00e4sning<br \/><\/strong>V\u00e4lkomna till en f\u00f6rel\u00e4sning om genetik med Hilde Nybom! <br \/>Datum: 23 november kl 15:00-17:00 <br \/>Fokus under f\u00f6redraget \u00e4r p\u00e5 f\u00e4rggenetik och stubbsvans p\u00e5 corgi-raserna. F\u00f6rel\u00e4sare under eftermiddagen \u00e4r Hilde Nybom som till vardags jobbar som professor inom genetik. Hilde har dessutom m\u00e5ng\u00e5rig uppf\u00f6dare med kennelnamnet Lakkas.<strong><br \/><\/strong><\/p>\n<p><strong>25-09-17: RAS<br \/><\/strong>Ras specifika avelsstrategier \u00e4r godk\u00e4nda av SKK f\u00f6r b\u00e5da raserna. Du finner de nya dokumenten i menyn <em>OM RASERNA<\/em><\/p>\n<p><strong>25-08-06: Raskonferensen 5 oktober i Eskilstuna<br \/><\/strong><span class=\"OYPEnA font-feature-liga-off font-feature-clig-off font-feature-calt-off text-decoration-none text-strikethrough-none\">P\u00e5 f\u00f6rmiddagen kommer domaren Eva Liljeqvist Borg g\u00e5 igenom rasstandarden, vad ser domarna och utifr\u00e5n hennes l\u00e5nga erfarenhet kommer hon dela med sig av vad vi b\u00f6r t\u00e4nka p\u00e5 fram\u00e5t i aveln utifr\u00e5n ett exteri\u00f6rdomarperspektiv<\/span><\/p>\n<p class=\"cvGsUA direction-ltr align-center para-style-body\"><span class=\"OYPEnA font-feature-liga-off font-feature-clig-off font-feature-calt-off text-decoration-none text-strikethrough-none\">LUNCH p\u00e5 Vilsta sporthotell<\/span><\/p>\n<p class=\"cvGsUA direction-ltr align-center para-style-body\"><span class=\"OYPEnA font-feature-liga-off font-feature-clig-off font-feature-calt-off text-decoration-none text-strikethrough-none\">Efter lunch samlas vi och diskuterar rasspecifika fr\u00e5gor.<br \/><\/span><span class=\"OYPEnA font-feature-liga-off font-feature-clig-off font-feature-calt-off text-decoration-none text-strikethrough-none\">Enk\u00e4ter, RAS, \u00f6gondiagnoser, vad ska vi t\u00e4nka p\u00e5 fram\u00e5t?<\/span><\/p>\n<p class=\"cvGsUA direction-ltr align-center para-style-body\"><span class=\"OYPEnA font-feature-liga-off font-feature-clig-off font-feature-calt-off text-decoration-none text-strikethrough-none\">KOSTNAD: 350 kr f\u00f6r medlemmar inkl lunch och fika<br \/><\/span><span class=\"OYPEnA font-feature-liga-off font-feature-clig-off font-feature-calt-off text-decoration-none text-strikethrough-none\">500 kr f\u00f6r icke medlemmar inkl lunch och fika<br \/>Varmt v\u00e4lkomna!<\/span><\/p>\n<p>TID: 09.00<br \/>PLATS: Vilsta sportcenter Eskilstuna<\/p>\n<p><strong>25-07-16: 200-analys f\u00f6r b\u00e5da raserna<br \/><\/strong>SKKs Kommitt\u00e9 f\u00f6r hundars mentalitet, KHM, har tagit ett beslut om att samtliga hundraser med minst 200 hundar beskrivna inom Beteende- och personlighetsbeskrivning hund, BPH, ska f\u00e5 en utf\u00f6rlig redovisning av resultaten. H\u00e4r kommer 200-analysen f\u00f6r <a href=\"https:\/\/swck.org\/wop\/wordpress\/wp-content\/uploads\/2025\/07\/Welsh-corgi-cardigan-20250701.pdf?fbclid=IwY2xjawLkV55leHRuA2FlbQIxMABicmlkETBneGlsQTQ4MVdFbE9sWm1NAR5sCxB8nsa67_JboibMAd6MRa5SKl5xR8OWivKhN3DtZjtw2oy4dgp3hHUaJg_aem_P5_a3FSMenGogHlugKvgoA\" target=\"_blank\" rel=\"noopener\">welsh corgi cardigan<\/a> samt<a href=\"https:\/\/swck.org\/wop\/wordpress\/wp-content\/uploads\/2025\/07\/Welsh-corgi-pembroke-20250701.pdf?fbclid=IwY2xjawLkV6xleHRuA2FlbQIxMABicmlkETBneGlsQTQ4MVdFbE9sWm1NAR6-IyEGtcjLdebL4c9EttZm-0C8zS3m50DeAihG2Yo5uqG3FDs7_tcHjy2cVA_aem_As9qSBuPaOFfSRSdH-zUKw\" target=\"_blank\" rel=\"noopener\"> welsh corgi pembroke<\/a><\/p>\n<p><strong>25-05-05:<\/strong> Nytt RAS Welsh corgi pembroke<br \/>Ig\u00e5r den 4 maj s\u00e5 h\u00f6lls avelskommitten pembroke ett digitalt m\u00f6te med alla avelsintresserade f\u00f6r att medlemmar skulle ha m\u00f6jlighet att st\u00e4lla fr\u00e5gor om bla RAS. Vi tack f\u00f6r ert engagemang och tar med oss era tankar och funderingar innan vi skickar RAS vidare till SKK. I det nya dokumentet finns n\u00e5gra uppdateringar mot f\u00f6reg\u00e5ende uppdatering. Det nya dokumentet finner du <a href=\"https:\/\/swck.org\/wop\/wordpress\/wp-content\/uploads\/2025\/05\/RAS-pembroke.pdf?fbclid=IwY2xjawKF-QdleHRuA2FlbQIxMABicmlkETE0dnJtS2tWekpYR0swZUE3AR45AvYRl2x5nSwul0i0O_pM-n2sSryYqI1ARal1kHq5HbPFRvUdwB4eFjjo4w_aem_uVnoRS0CWJiIdfq4NHsumw\" target=\"_blank\" rel=\"noopener\">H\u00c4R.<\/a><br \/><strong>RAS Welsh corgi cardigan<br \/><\/strong>F\u00f6rslag till nya RAS f\u00f6r Welsh corgi cardigan finner du <a href=\"https:\/\/swck.org\/wop\/wordpress\/wp-content\/uploads\/2025\/05\/RAS-cardigan-3.pdf\" target=\"_blank\" rel=\"noreferrer noopener\">H\u00c4R.<\/a><\/p>\n<p><strong>25-04-04: RAS Welsh corgi pembroke<br \/><\/strong>F\u00f6rslag till nya RAS f\u00f6r Welsh corgi pembroke finner du <a href=\"https:\/\/swck.org\/wop\/wordpress\/wp-content\/uploads\/2025\/04\/Nytt-forslag-RAS-pembroke-.pdf?fbclid=IwY2xjawJc3hpleHRuA2FlbQIxMAABHik5XRqZe_axpPfXTU1Z-tNa4JewcCqyFqJcZ6ZD-3jtM5oBOerzzjfSxJDr_aem_xbGOMed5L0nsQz4Uu6pFqA\" target=\"_blank\" rel=\"noreferrer noopener\">H\u00c4R.<\/a><br \/>Har du tankar, fr\u00e5gor eller funderingar s\u00e5 maila g\u00e4rna\u00a0<a href=\"mailto:pembroke@swck.org\">pembroke@swck.org<\/a><br \/><strong><br \/>25-03-12: Digitalt m\u00f6te- RAS pembroke<br \/><\/strong>Den 12 mars h\u00f6lls ett f\u00f6rsta m\u00f6te f\u00f6r alla som var intresserade av RAS dokumentet och h\u00e4r delar vi presentationen.<br \/>Det \u00e4r ett f\u00f6rsta utkast med fokus p\u00e5 l\u00e5ngsiktiga som kortsiktiga m\u00e5l samt handlingsplaner.<br \/>Vi i avelskommitten tackar f\u00f6r engagemanget och tar g\u00e4rna in mer feedback.<\/p>\n<p>RAS dokumentet kommer snart att presenteras i sin helhet h\u00e4r p\u00e5 hemsidan och ytterligare digital tr\u00e4ff kommer att genomf\u00f6ras.<br \/>H\u00e5ll utkik!<br \/><strong><br \/><a href=\"https:\/\/swck.org\/wop\/wordpress\/wp-content\/uploads\/2025\/03\/Presentation-digitalt-mote-12-mars-2025.pdf\" target=\"_blank\" rel=\"noreferrer noopener\">Presentation digitalt m\u00f6te 12 mars<\/a><\/strong><\/p>\n<p>25-01-02: God forts\u00e4ttning, h\u00e4r kommer en p\u00e5minnelse f\u00f6r det nya \u00e5ret<br \/>N\u00e4r \u00e4r det ett nytt \u00e5r och alla annonser ska f\u00f6rnyas.<br \/>\u00c4r du uppf\u00f6dare och vill ha\/ha kvar din kennelannons s\u00e5 betala 150 kr senast den 12 januari. Antingen via klubbens swish nr 123 133 62 39 eller via bg 5189-6694. M\u00e4rk betalningen med annons och ditt namn.<br \/>Annonser f\u00f6r hanhundar tillg\u00e4ngliga i avel kr\u00e4ver fr\u00e5n 1 januari k\u00e4nd HD-status, gratis f\u00f6r medlemmar.<br \/>\u00d6nskar du \u00e4ndra n\u00e5got i din annons s\u00e5 maila din avelskommitt\u00e9,<br \/><a href=\"mailto:pemboke@swck.org\" target=\"_blank\" rel=\"noopener\">pemboke@swck.org<\/a> eller <a href=\"mailto:cardigan@swck.org\" target=\"_blank\" rel=\"noopener\">cardigan@swck.org<\/a><br \/><strong><br \/>24-10-14: Digital f\u00f6rel\u00e4sning med SKK\u00b4s avelskommitt\u00e9\u00a0<\/strong><\/p>\n<p>Onsdagen den 27 november kl 19.00-20.30 s\u00e5 bjuder avelskommitt\u00e9erna i SWCK in till digital f\u00f6rel\u00e4sning med Sofia Malm fr\u00e5n SKK\u00b4s avelsavdelning.<br \/>Sofia kommer att ge oss alla en \u00f6vergripande information om HD, vad man tittar p\u00e5 vid bed\u00f6mning, hur det p\u00e5verkar hunden, och sen hur man ska t\u00e4nka i avel mm.<strong><br \/><\/strong><\/p>\n<div>Alla f\u00e5r skicka in fr\u00e5gor i f\u00f6rv\u00e4g , senast 13 november, s\u00e5 kommer Sofia att svara p\u00e5 detta under kv\u00e4llen. Fler fr\u00e5gor tas in under kv\u00e4llen i m\u00e5n av tid. Ta chansen att skicka in era fr\u00e5gor innan!<\/div>\n<div>\u00a0<\/div>\n<div>Anm\u00e4l senast 13 november s\u00e5 kommer en l\u00e4nk till m\u00f6tet via mail dagarna innan. Har du fr\u00e5gor om m\u00f6tet eller vill l\u00e4gga till ytterligare fr\u00e5gor s\u00e5 kontakta din avelskommitt\u00e9 p\u00e5 : pembroke@swck.org eller cardigan@swck.org\n<p><a href=\"https:\/\/docs.google.com\/forms\/d\/e\/1FAIpQLSdVmnyRy86HExtFOdEvJz0B66zS444xw0rsONAoW_rMeUBsdw\/viewform?usp=sharing\" target=\"_blank\" rel=\"noopener\">Anm\u00e4lan till m\u00f6te med SKK\u00b4s avelsavdelning<\/a><\/p>\n<\/div>\n<p><strong><br \/>24-09-09 Digital f\u00f6rel\u00e4sning<\/strong><\/p>\n<p dir=\"ltr\">Den 21 november kl 19.00 s\u00e5 bjuder vi alla uppf\u00f6dare\/medlemmar p\u00e5 en digital f\u00f6rel\u00e4sning av Bo Edoff, missa inte det!<\/p>\n<p>J<em>ag har arbetat med foder professionellt i \u00f6ver 50 \u00e5r, under 40 \u00e5r i ett foderf\u00f6retag och d\u00e4refter (pension\u00e4r) som f\u00f6rel\u00e4sare och med konsultuppdrag.\u00a0<\/em><br \/><em>Mina erfarenheter \u00e4r praktiska och teoretiska, de praktiska med mer \u00e4n 50 \u00e5r som hund\u00e4gare och uppf\u00f6dare (Tysk Sch\u00e4ferhund) plus andra raser som har funnits i hemmet (Am Cocker, Pointer, Norfolkterrier, Perro.\u00a0<\/em><br \/><em>De teoretiska kunskaperna baseras p\u00e5 studier vid \u00c5s Lantbruksh\u00f6gskola (Oslo Universitet) och deltagande vid m\u00e5nga f\u00f6rel\u00e4sningar om bl.a hundens n\u00e4ringsbehov med ledande experter fr\u00e5n hela v\u00e4rlden som f\u00f6rel\u00e4sare<\/em><\/p>\n<p dir=\"ltr\"><em>F\u00f6rel\u00e4sningen kommer i huvudsak att handla om hundens n\u00e4ringsbehov av livsn\u00f6dv\u00e4ndiga n\u00e4rings\u00e4mnen, vilka de \u00e4r och betydelsen de har f\u00f6r en v\u00e4l fungerande hund men \u00e4ven skillnader mellan olika hundars behov.\u00a0<\/em><\/p>\n<p dir=\"ltr\"><em>F\u00f6rel\u00e4sningen tar cirka 2 timmar och ni ges m\u00f6jlighet att st\u00e4lla fr\u00e5gor under tiden. Alternativt komma med fr\u00e5gor efter\u00e5t via mail.<\/em><\/p>\n<p dir=\"ltr\"><em>Med v\u00e4nlig h\u00e4lsning\u00a0<\/em><br \/><em>Bo Edoff<\/em><\/p>\n<p>Anm\u00e4l SENAST 18 november, gratis f\u00f6r medlemmar och 350 kr per\/person f\u00f6r icke medlemmar<br \/>L\u00e4nk till m\u00f6tet skickas ut den 19 november<br \/><a href=\"https:\/\/docs.google.com\/forms\/d\/e\/1FAIpQLSd8ul-O5CtC5m17_f6rrewodf1uSZS7tYF0Rv3JWF7kYCACVg\/viewform?usp=sharing\" target=\"_blank\" rel=\"noopener\">Anm\u00e4l h\u00e4r digital utbildning<\/a><\/p>\n<p>Varmt v\u00e4lkomna \u00f6nskar avelskommitterna i SWCK<\/p>\n\n\n<hr class=\"wp-block-separator has-alpha-channel-opacity\"\/>\n\n\n\n<p><strong>24-09-02 &#8211; Uppdaterat program och anm\u00e4lan till konferensen!<\/strong><br>Varmt v\u00e4lkomna till \u00e5rets raskonferensen 2024<br>Tid 12-13 oktober<br>Plats: Vilsta sporthotell Eskilstuna<br><br>Program:<\/p>\n\n\n\n<p>L\u00d6RDAG 12 OKTOBER\nKl 9.00-9.30 Samling med kaffe och macka\n9.30-12.30 veterin\u00e4r Eva von Celsing &#8211; Valpning\n12.30-13.30 LUNCH\n13.30 &#8211; 17.00 Rasspecifika diskussioner, inkl kaffe<\/p>\n\n\n\n<p>18.30 Gemensam middag f\u00f6r de som \u00f6nskar<\/p>\n\n\n\n<p>S\u00d6NDAG DEN 13 OKTOBER\n9.00-9.30 Samling med kaffe\n9.30- 12.30 F\u00f6rel\u00e4sning ortoped\n12.30-13.30 LUNCH\n13.30- 16.30 F\u00f6rel\u00e4sning fysioterapeut Maria Knutas\n16.30-17.00 Avslutning<\/p>\n\n\n\n<p>Klubben subventionerar priset kraftigt f\u00f6r att s\u00e5 m\u00e5nga som m\u00f6jligt ska ha m\u00f6jlighet att komma och lyssna p\u00e5 v\u00e5ra viktiga f\u00f6rel\u00e4sare.<\/p>\n\n\n\n<p>F\u00f6r medlemmar, inkl lunch och kaffe\/te med fika\n1 dag 400 kr\/person\nB\u00e5da dagarna 700 kr\nF\u00f6r icke medlemmar, inkl lunch och kaffe\/te med fika\n1 dag 700 kr\/person\nB\u00e5da dagarna 1200 kr\/person<\/p>\n\n\n\n<p><strong>Anm\u00e4lan senast den 4 oktober<\/strong><strong> via formul\u00e4r <a href=\"https:\/\/docs.google.com\/forms\/d\/e\/1FAIpQLSesquu4WAAtSmeCYlv8Z6VG-DQ5gCeek7GBap1ubRZnFL-BTg\/viewform?usp=sharing\" target=\"_blank\" rel=\"noreferrer noopener\">Anm\u00e4lan raskonferens<\/a><\/strong><\/p>\n\n\n\n<p>Betalning till klubbens swish 123 133 62 39, m\u00e4rk betalningen med raskonferens samt ditt namn<br>Varmt v\u00e4lkomna \u00f6nskar avelskommitt\u00e9erna i SWCK<br><\/p>\n\n\n\n<hr class=\"wp-block-separator has-alpha-channel-opacity\"\/>\n\n\n<p>24-09-01<\/p>\n<ul>\n<li>Vi har f\u00f6rs\u00f6kt att uppdatera riktlinjer f\u00f6r parning och valpannonsering p\u00e5 v\u00e5r hemsida, det uppdaterades enligt f\u00f6ljande:<em>&#8221;Har du parat och \u00f6nskar en annons p\u00e5 Swck\u00b4s sida? Maila d\u00e5 <a href=\"mailto:pembroke@swck.org\">pembroke@swck.org<\/a>\u00a0eller\u00a0<a href=\"mailto:cardigan@swck.org\">cardigan@swck.org<\/a>\u00a0f\u00f6r att annonsen godk\u00e4nd och publicerad.<\/em><br \/><em>Mailet ska inneh\u00e5lla namn och registreringsnummer p\u00e5 f\u00f6r\u00e4ldradjuren, datum f\u00f6r parning och kontaktuppgifter till dig som v\u00e4ntar valpkullen. 10 veckor efter parning kommer annonsen att plockas bort.<\/em><\/li>\n<\/ul>\n<p><em>\u00d6nskar du sedan en valpannons mailar du igen till\u00a0<a href=\"mailto:pembroke@swck.org\">pembroke@swck.org<\/a>\u00a0eller\u00a0<a href=\"mailto:cardigan@swck.org\">cardigan@swck.org<\/a> med information om hur m\u00e5nga valpar som du v\u00e4lkomnat till v\u00e4rlden. Annonsen finns kvar tills valparna fyller 12 veckor, \u00f6nskar du l\u00e4ngre annonsering s\u00e5 maila avelsr\u00e5det f\u00f6r f\u00f6rl\u00e4ngning upp till 16 veckor.&#8221;<\/em><\/p>\n<p>24-06-28<\/p>\n<ul>\n<li>Protokoll f\u00e5n CS g\u00e4llande beslut p\u00e5 h\u00e4lsoprogram f\u00f6r HD niv\u00e5 2 finns att <a href=\"https:\/\/swck.org\/wop\/wordpress\/wp-content\/uploads\/2024\/06\/\u00a7-85b-Avelskommitten_Aterremitterat-arende-CS-\u00a7-63-a_2024-angaende-halsoprogram-for-welsh-corgi-cardigan-och-welsh-corgi-pembroke.pdf\" target=\"_blank\" rel=\"noopener\">l\u00e4sa h\u00e4r<\/a>.<br \/>Kontakta oss g\u00e4rna om ni har fr\u00e5gor och funderingar, pembroke@swck.org och cardigan@swck.org<\/li>\n<\/ul>\n<p>24-05-10<\/p>\n<ul>\n<li>Inbjudan till digitalt uppf\u00f6darm\u00f6te har mailats ut\u00a0 till uppf\u00f6dare av rasen Welsh corgi pembroke<br \/>Digitalt via google meet 9 juni kl 19.00, varmt v\u00e4lkomna!<\/li>\n<\/ul>\n<p>24-05-07<\/p>\n<ul>\n<li>Publicerat <a href=\"https:\/\/swck.org\/wop\/wordpress\/wp-content\/uploads\/2024\/05\/Protokoll-CS-2-2024_justerat_20240503.pdf\" target=\"_blank\" rel=\"noopener\">protokoll fr\u00e5n CS<\/a> senaste m\u00f6te g\u00e4llande H\u00e4lsoprogram p\u00e5 HD f\u00f6r v\u00e5ra corgiraser.<\/li>\n<\/ul>\n<p>24-05-06<\/p>\n<ul>\n<li>H\u00e4r finns valpkullsformul\u00e4ret med tema <strong style=\"font-size: 0.875rem;\"><a href=\"https:\/\/docs.google.com\/forms\/d\/e\/1FAIpQLSeORvg7zOmQwCjG4qwvmZP4XtiB97g7iZ8VSLiSJIH2suUztA\/viewform?usp=sharing\" target=\"_blank\" rel=\"noopener\">&#8221;valpnings och kejsarsnitt&#8221;<\/a><\/strong><span style=\"font-size: 0.875rem;\"> f\u00f6r alla valpkullar f\u00f6dda\u00a0 2022 och fram\u00e5t att fylla i.<\/span><\/li>\n<li>\u00c4ndrad krav f\u00f6r valph\u00e4nvisning g\u00e4llande \u00f6gonlysning pembroke &#8211;<br \/><em>Avelsdjur ska vara \u00f6gonlysta inf\u00f6r parning<\/em>.<\/li>\n<li>SAVE THE DATE! 12-13 oktober 2024 s\u00e5 kommer \u00e5rets raskonferens att genomf\u00f6ras vid Vilsta sporthotell i Eskilstuna.<br \/>Tema l\u00f6rdag: Valpning och kejsarsnitt med f\u00f6rel\u00e4sare Eva Von Celsing samt rasspecifika diskussioner.<br \/>Tema s\u00f6ndag: R\u00f6relseapparaten<br \/>Mer information kommer!<\/li>\n<\/ul>\n<hr \/>\n<p><span style=\"font-size: 12pt;\"><b><i>Aktuellt kring h\u00e4lsoprogram p\u00e5 HD f\u00f6r v\u00e5ra corgiraser:<\/i><\/b><\/span><\/p>\n<p><span style=\"font-weight: 400;\">I februari 2020 genomf\u00f6rdes f\u00f6rsta m\u00f6tet mellan SKK\/AK och specialklubben.<\/span><\/p>\n<p><span style=\"font-weight: 400;\">Som ett led i arbetet med att kartl\u00e4gga rasernas HD-status har SWCK\/ AKC &amp; AKP tillsammans med SKK\/AK arbetat fram en avelsrekommendation som skall ta h\u00e4nsyn till b\u00e5de h\u00e4lsa och genetisk variation. Kartl\u00e4ggningen kommer att p\u00e5g\u00e5 under en tre\u00e5rsperiod (2020-2023) och d\u00e4refter sammanst\u00e4llas och utv\u00e4rderas f\u00f6r vidare diskussion.<\/span><\/p>\n<p><span style=\"font-weight: 400;\">F\u00f6r att n\u00e5 fram till en r\u00e4ttvis utv\u00e4rdering kring v\u00e5ra tv\u00e5 rasers HD-status s\u00e5 \u00e4r det av stor vikt att r\u00f6ntga kommande avelsdjur och uppmuntra enskilda medlemmar att under tidsperioden r\u00f6ntga sina hundar.<\/span><\/p>\n<p><span style=\"font-weight: 400;\">AKC &amp; AKP\/ Rekommendationen att HD-r\u00f6ntga v\u00e5ra raser \u00e4r p\u00e5 inget s\u00e4tt tvingande men \u00e4r en viktig del f\u00f6r att kunna ge ett r\u00e4ttvist underlag att arbeta vidare med och d\u00e4r ge en bild av det faktiska l\u00e4get vad g\u00e4ller h\u00e4lsa och genetisk variation.<\/span><\/p>\n<p><span style=\"font-weight: 400;\">I december 2023 genomf\u00f6rdes ett uppf\u00f6ljande m\u00f6te mellan SKK\/AK och specialklubben f\u00f6r att diskutera kartl\u00e4ggningen av HD p\u00e5 v\u00e5ra corgiraser och gemensamt hitta en v\u00e4g fram\u00e5t. <\/span><span style=\"font-weight: 400;\"><br \/><\/span><span style=\"font-weight: 400;\">Under m\u00f6tet hittades ingen samsyn och SWCK skickade in en skrivelse i januari 2024 inf\u00f6r kommande AK-m\u00f6te.<\/span><span style=\"font-weight: 400;\"><br \/><\/span><span style=\"font-weight: 400;\">Skrivelse fr\u00e5n SWCK till Avelskommitt\u00e9n SKK &#8211; <a href=\"https:\/\/swck.org\/wop\/wordpress\/wp-content\/uploads\/2024\/05\/Skrivelse-fran-Sv-Welsh-Corgi-Klubben-till-AK.pdf\" target=\"_blank\" rel=\"noopener\">ladda ner<\/a><\/span><\/p>\n<p><span style=\"font-weight: 400;\">SKK\/AK skickar sedan ut protokoll med beslut om att inf\u00f6ra niv\u00e5 2 p\u00e5 h\u00e4lsoprogram f\u00f6r HD <\/span><span style=\"font-weight: 400;\"><br \/><\/span><span style=\"font-weight: 400;\">Protokoll fr\u00e5n SKK\/AK &#8211; <a href=\"https:\/\/swck.org\/wop\/wordpress\/wp-content\/uploads\/2024\/05\/Protokollsutdrag_\u00a735-Halsoprogram-a-Uppfoljning-gallande-Svenska-Welsh-Corgi-Klubben.pdf\" target=\"_blank\" rel=\"noopener\">ladda ner<\/a><\/span><\/p>\n<p><span style=\"font-weight: 400;\">SWCK skickar en \u00f6verklagan p\u00e5 SKK\/AKs beslut inf\u00f6r CS m\u00f6te april 2024 &#8211; <a href=\"https:\/\/swck.org\/wop\/wordpress\/wp-content\/uploads\/2024\/05\/overklagan.pdf\" target=\"_blank\" rel=\"noopener\">ladda ner<\/a><\/span><\/p>\n<p><span style=\"font-weight: 400;\">CS beslutade under sitt m\u00f6te att \u00e5terremittera \u00e4rendet till AK. Dvs att beslutet inte fastst\u00e4llt utan skjuts upp samt att AK och SWCK f\u00e5r m\u00f6tas igen f\u00f6r att f\u00f6rs\u00f6ka hitta en gemensam v\u00e4g fram\u00e5t.<br \/><\/span><span style=\"font-weight: 400;\">Protokoll fr\u00e5n CS m\u00f6te 17+24 april.- <a href=\"https:\/\/swck.org\/wop\/wordpress\/wp-content\/uploads\/2024\/05\/Protokoll-CS-2-2024_justerat_20240503-1.pdf\" target=\"_blank\" rel=\"noopener\">ladda ner<\/a>.<\/span><\/p>\n<hr \/>\n<p>G\u00e4llande f\u00f6r medlemmar i Svenska Welsh Corgi Klubben (SWCK).<\/p>\n<p><strong>Krav p\u00e5 uppf\u00f6dare<br \/><\/strong>F\u00f6ljande kr\u00e4vs av uppf\u00f6dare inom SWCK:<\/p>\n<p>&#8211; Skall f\u00f6lja SKKs grundregler samt SKKs avelspolicy<br \/>&#8211; Skall avla endast p\u00e5 rastypiska, sunda och friska individer<br \/>&#8211; Skall vara v\u00e4l insatt i respektive rasstandard<br \/>&#8211; Skall, om n\u00e5got onormalt uppst\u00e5r i kullen, informera avelsr\u00e5det<\/p>\n<p><strong>Krav f\u00f6r valph\u00e4nvisning<br \/><\/strong>F\u00f6ljande kr\u00e4vs f\u00f6r att f\u00e5 valph\u00e4nvisning genom SWCK:<\/p>\n<p>&#8211; Skall uppfylla SWCKs krav p\u00e5 uppf\u00f6dare<br \/>&#8211; Uppf\u00f6daren skall vara medlem i SKK och SWCK.<br \/>&#8211; Skall i avel endast anv\u00e4nda hundar som vid officiell utst\u00e4llning minst har f\u00e5tt kvalitetsbed\u00f6mningen VERY GOOD<\/p>\n<p><span style=\"text-decoration: underline;\">PEMBROKE:<\/span><br \/>&#8211; Avelsdjur skall vara \u00f6gonlysta inf\u00f6r parning<\/p>\n<p><span style=\"text-decoration: underline;\">CARDIGAN<\/span><br \/>&#8211; Avelsdjur skall vara \u00f6gonlysta inf\u00f6r parning och d\u00e5 tidigast vid 24 m\u00e5naders \u00e5lder f\u00f6r att gr\u00f6nmarkeras under planerade\/f\u00f6dda valpar. Ej \u00f6gonlysta eller \u00f6gonlysta innan 24 m\u00e5n \u00e5lder blir r\u00f6dmarkerade, men har fortfarande r\u00e4tt till h\u00e4nvisning.<br \/>&#8211; (End. Cardigan) F\u00f6r\u00e4ldradjuren skall vara fria fr\u00e5n PRA. Kunna visa upp resultat ihop med intyg, d\u00e4r hundens identitet \u00e4r styrkt, p\u00e5 resultat av DNA-test eller h\u00e4rstammar fr\u00e5n fria linjer genom blodtest enligt av SKK godk\u00e4nt laboratorium. <a href=\"http:\/\/swck.org\/wop\/wordpress\/?page_id=2131\">Mer info h\u00e4r.<\/a><\/p>\n<p><strong>Avelsrekommendation<\/strong><strong><br \/><\/strong><strong><em>SWCK rekommenderar att uppf\u00f6dare beaktar f\u00f6ljande vid avelsplanering:<\/em><\/strong><br \/>\u2013 B\u00f6r ej l\u00e5ta bet\u00e4cka tik som \u00e4r yngre \u00e4n 24 m\u00e5nader<br \/>\u2013 Avelsdjur skall vara \u00f6gonlysta innan parning, samt tidigast vid 24 m\u00e5nader f\u00f6r welsh corgi cardigan.<br \/>\u2013 SWCK avr\u00e5der avel med fluff.<br \/>\u2013 (End. Pembroke) Ett av f\u00f6r\u00e4ldradjuren i en kombination b\u00f6r ha stubbsvans s\u00e5 att det f\u00f6r rasen unika stubbsvansanlaget bevaras och f\u00f6rs vidare.<br \/>\u2013 (End. cardigan) SWCK\u2019s\u00a0st\u00e5ndpunkt \u00e4r att blue merle endast ska paras med tref\u00e4rgad.<br \/>\u2013 HD-status<strong><em>.<\/em><\/strong> Som ett led i den inventeringen av HD status f\u00f6lja de rekommendationer och avelsh\u00e4nsyn som arbetad fram i samr\u00e5d med SKK\/AK och AKC\/AKP.<\/p>\n<p><strong><em>Avelsh\u00e4nsyn <\/em><\/strong><em>F\u00f6r ett l\u00e5ngsiktigt h\u00e5llbart avelsarbete med h\u00e4nsyn till s\u00e5v\u00e4l h\u00e4lsa som genetisk variation b\u00f6r f\u00f6ljande riktlinjer avseende HD beaktas i avelsarbetet: <\/em><\/p>\n<p>\u2013 Hund med kliniska symptom p\u00e5 HD f\u00e5r inte anv\u00e4ndas i avel, oavsett HD-status vid r\u00f6ntgen<\/p>\n<p>\u2013 Hund med HD-grad E f\u00e5r inte anv\u00e4ndas i avel<\/p>\n<p>\u2013 Hund med HD-grad D f\u00e5r endast paras med hund med HD-grad A eller B<\/p>\n<p>\u2013 Hund med HD-grad C beh\u00f6ver inte konsekvent uteslutas fr\u00e5n avel<\/p>\n<p><strong>F\u00f6rv\u00e4ntningar p\u00e5 uppf\u00f6dare<br \/><\/strong>Av uppf\u00f6dare som f\u00e5r valph\u00e4nvisning genom SWCK f\u00f6rv\u00e4ntar klubben sig att:<\/p>\n<p>&#8211; Uppf\u00f6daren informerar valpk\u00f6paren om rasens egenskaper och anv\u00e4ndbarhet samt ger st\u00f6d och v\u00e4gledning till valpk\u00f6paren<br \/>-Uppf\u00f6daren vid f\u00f6rs\u00e4ljning av valpar upplyser om att det finns en rasklubb och hur man kommer i kontakt med den.<\/p>\n<hr \/>\n<p><strong>Ans\u00f6kan om valph\u00e4nvisning<\/strong><\/p>\n<p>Vid ans\u00f6kan om valph\u00e4nvisning Cardigan &amp; Pembroke ska f\u00f6ljande uppgifter skickas till avelskommitt\u00e9n f\u00f6r respektive ras.<\/p>\n<p>&#8211; Uppf\u00f6darens namn och adressuppgifter<br \/>&#8211; F\u00f6r\u00e4ldradjurens namn och registreringsnummer, samt bild p\u00e5 f\u00f6r\u00e4ldradjuren.<br \/>&#8211; Parnings- alternativt f\u00f6delsedatum f\u00f6r valpar.<br \/>(Vid f\u00f6dda valpar, ange antal i varje k\u00f6n samt f\u00e4rg. (End.Pem, stubb- el l\u00e5ngsvans.)<br \/>&#8211; Vid ej SKK Registrerad merit (tex utl\u00e4ndsk utst\u00e4llningsmerit, bifoga intyg p\u00e5 detta.)<br \/>&#8211; Intyg f\u00f6r \u00f6gonlysning (om ej \u00e4nnu registrerad p\u00e5 SKK)<br \/>&#8211; (End. cardigan) Intyg f\u00f6r DNA-test f\u00f6r PRA<\/p>\n<p><em><strong>L\u00e4s \u00e4ven: <a href=\"http:\/\/swck.org\/wop\/wordpress\/?page_id=549\">Information ang webbannonsering p\u00e5 SWCKs hemsida.<\/a><\/strong><\/em><\/p>","protected":false},"excerpt":{"rendered":"<p>Nyheter: 26-01-25: F\u00f6rel\u00e4sningDen 28 mars har vi gl\u00e4djen att f\u00e5 v\u00e4lkomna v\u00e5ra norska corgiv\u00e4nner, Leif-Herman Wilberg och Christine Sonberg, till Tv\u00e5 Skyttlar i \u00d6rby. De ska under dagen f\u00f6rel\u00e4sa om &#8230;<\/p>\n","protected":false},"author":1,"featured_media":0,"parent":308,"menu_order":0,"comment_status":"closed","ping_status":"closed","template":"","meta":{"footnotes":""},"class_list":["post-60","page","type-page","status-publish","hentry"],"_links":{"self":[{"href":"https:\/\/swck.org\/wop\/wordpress\/index.php?rest_route=\/wp\/v2\/pages\/60","targetHints":{"allow":["GET"]}}],"collection":[{"href":"https:\/\/swck.org\/wop\/wordpress\/index.php?rest_route=\/wp\/v2\/pages"}],"about":[{"href":"https:\/\/swck.org\/wop\/wordpress\/index.php?rest_route=\/wp\/v2\/types\/page"}],"author":[{"embeddable":true,"href":"https:\/\/swck.org\/wop\/wordpress\/index.php?rest_route=\/wp\/v2\/users\/1"}],"replies":[{"embeddable":true,"href":"https:\/\/swck.org\/wop\/wordpress\/index.php?rest_route=%2Fwp%2Fv2%2Fcomments&post=60"}],"version-history":[{"count":85,"href":"https:\/\/swck.org\/wop\/wordpress\/index.php?rest_route=\/wp\/v2\/pages\/60\/revisions"}],"predecessor-version":[{"id":5542,"href":"https:\/\/swck.org\/wop\/wordpress\/index.php?rest_route=\/wp\/v2\/pages\/60\/revisions\/5542"}],"up":[{"embeddable":true,"href":"https:\/\/swck.org\/wop\/wordpress\/index.php?rest_route=\/wp\/v2\/pages\/308"}],"wp:attachment":[{"href":"https:\/\/swck.org\/wop\/wordpress\/index.php?rest_route=%2Fwp%2Fv2%2Fmedia&parent=60"}],"curies":[{"name":"wp","href":"https:\/\/api.w.org\/{rel}","templated":true}]}}